{"id":6273,"date":"2022-07-19T09:59:13","date_gmt":"2022-07-19T07:59:13","guid":{"rendered":"https:\/\/on-track.sbg.ac.at\/?page_id=6273"},"modified":"2022-07-19T09:59:13","modified_gmt":"2022-07-19T07:59:13","slug":"steckbrief-barbara-mackinger","status":"publish","type":"page","link":"https:\/\/plustrack.at\/en\/steckbrief-barbara-mackinger\/","title":{"rendered":"Steckbrief Barbara Mackinger"},"content":{"rendered":"\t\t<div data-elementor-type=\"wp-page\" data-elementor-id=\"6273\" class=\"elementor elementor-6273\">\n\t\t\t\t\t\t<section class=\"elementor-section elementor-top-section elementor-element elementor-element-4471f95 elementor-section-stretched elementor-section-boxed elementor-section-height-default elementor-section-height-default\" data-id=\"4471f95\" data-element_type=\"section\" data-settings=\"{&quot;stretch_section&quot;:&quot;section-stretched&quot;}\">\n\t\t\t\t\t\t<div class=\"elementor-container elementor-column-gap-default\">\n\t\t\t\t\t<div class=\"elementor-column elementor-col-100 elementor-top-column elementor-element elementor-element-08eccf1\" data-id=\"08eccf1\" data-element_type=\"column\">\n\t\t\t<div class=\"elementor-widget-wrap elementor-element-populated\">\n\t\t\t\t\t\t<div class=\"elementor-element elementor-element-a46df1f elementor-widget elementor-widget-heading\" data-id=\"a46df1f\" data-element_type=\"widget\" data-widget_type=\"heading.default\">\n\t\t\t\t<div class=\"elementor-widget-container\">\n\t\t\t\t\t<h2 class=\"elementor-heading-title elementor-size-default\">Steckbrief Barbara Mackinger<\/h2>\t\t\t\t<\/div>\n\t\t\t\t<\/div>\n\t\t\t\t\t<\/div>\n\t\t<\/div>\n\t\t\t\t\t<\/div>\n\t\t<\/section>\n\t\t\t\t<section class=\"elementor-section elementor-top-section elementor-element elementor-element-81a6ec3 elementor-section-stretched elementor-section-boxed elementor-section-height-default elementor-section-height-default\" data-id=\"81a6ec3\" data-element_type=\"section\" data-settings=\"{&quot;stretch_section&quot;:&quot;section-stretched&quot;}\">\n\t\t\t\t\t\t<div class=\"elementor-container elementor-column-gap-default\">\n\t\t\t\t\t<div class=\"elementor-column elementor-col-33 elementor-top-column elementor-element elementor-element-945f20d\" data-id=\"945f20d\" data-element_type=\"column\">\n\t\t\t<div class=\"elementor-widget-wrap elementor-element-populated\">\n\t\t\t\t\t\t<div class=\"elementor-element elementor-element-ef0b1ab elementor-widget elementor-widget-image\" data-id=\"ef0b1ab\" data-element_type=\"widget\" data-widget_type=\"image.default\">\n\t\t\t\t<div class=\"elementor-widget-container\">\n\t\t\t\t\t\t\t\t\t\t\t\t\t\t\t<img fetchpriority=\"high\" decoding=\"async\" width=\"750\" height=\"1013\" src=\"https:\/\/plustrack.at\/en\/wp-content\/uploads\/sites\/3\/2022\/02\/Portraet_Mackinger2a-scaled-1-768x1037.jpg\" class=\"attachment-medium_large size-medium_large wp-image-4114\" alt=\"\" srcset=\"https:\/\/plustrack.at\/en\/wp-content\/uploads\/sites\/3\/2022\/02\/Portraet_Mackinger2a-scaled-1-768x1037.jpg 768w, https:\/\/plustrack.at\/en\/wp-content\/uploads\/sites\/3\/2022\/02\/Portraet_Mackinger2a-scaled-1-222x300.jpg 222w, https:\/\/plustrack.at\/en\/wp-content\/uploads\/sites\/3\/2022\/02\/Portraet_Mackinger2a-scaled-1-758x1024.jpg 758w, https:\/\/plustrack.at\/en\/wp-content\/uploads\/sites\/3\/2022\/02\/Portraet_Mackinger2a-scaled-1-1138x1536.jpg 1138w, https:\/\/plustrack.at\/en\/wp-content\/uploads\/sites\/3\/2022\/02\/Portraet_Mackinger2a-scaled-1-1517x2048.jpg 1517w, https:\/\/plustrack.at\/en\/wp-content\/uploads\/sites\/3\/2022\/02\/Portraet_Mackinger2a-scaled-1.jpg 1896w\" sizes=\"(max-width: 750px) 100vw, 750px\" \/>\t\t\t\t\t\t\t\t\t\t\t\t\t\t\t<\/div>\n\t\t\t\t<\/div>\n\t\t\t\t\t<\/div>\n\t\t<\/div>\n\t\t\t\t<div class=\"elementor-column elementor-col-66 elementor-top-column elementor-element elementor-element-f7600ad\" data-id=\"f7600ad\" data-element_type=\"column\">\n\t\t\t<div class=\"elementor-widget-wrap elementor-element-populated\">\n\t\t\t\t\t\t<div class=\"elementor-element elementor-element-27f8e52 elementor-widget elementor-widget-text-editor\" data-id=\"27f8e52\" data-element_type=\"widget\" data-widget_type=\"text-editor.default\">\n\t\t\t\t<div class=\"elementor-widget-container\">\n\t\t\t\t\t\t\t\t\t<p><strong>#1 Meine aktuellen Forschungsthemen\/ -theorien sind\u2026<\/strong><o:p><\/o:p><\/p>\n<p>\u2026Mentoring als Beratungsformat. Wie f\u00fcr Kinder und Jugendliche die Auseinandersetzung mit Rollenmodellen und der Abgleich mit der eigenen Identit\u00e4t helfen kann, die individuellen Potentiale gut auszusch\u00f6pfen.<o:p><\/o:p><\/p>\n<p>\u2026.in der LehrerInnen-Ausbildung finde ich (sozial)psychologische Theorien besonders wesentlich, auf dessen Basis Interaktionen im Unterricht konstruktiv gestaltet werden k\u00f6nnen und auf Widerst\u00e4nde eingegangen werden kann.<o:p><\/o:p><\/p>\n<p><strong>#2 Meine Funktion im <\/strong><strong><strong>PLUSTRACK<\/strong> ist\u2026.<\/strong><o:p><\/o:p><\/p>\n<p>Gemeinsam mit Maria Tulis und Eline Leen-Thomele bin ich verantwortlich f\u00fcr das WP4: Das bedeutet wir organisieren das Themenmodul \u201eMentoring als Sprungbrett \u2013 individuelle F\u00f6rderung in der Praxis\u201c. Ich bin hier viel im Austausch mit Lehramtsstudierenden, sowie auch Schulen und deren Sch\u00fcler_innen, die Interesse haben ihre Potentiale zu entfalten.&nbsp; &nbsp;<o:p><\/o:p><\/p>\n<p><strong>#3 Ich bin motiviert beim <\/strong><strong><strong>PLUSTRACK<\/strong> mitzuarbeiten, weil\u2026<\/strong><o:p><\/o:p><\/p>\n<p>\u2026ich gerne Theorie und Praxis verbinde und dies hier perfekt m\u00f6glich ist! Wir sowohl f\u00fcr unsere Studierenden, als auch f\u00fcr die Gesellschaft etwas bewegen k\u00f6nnen. Die gr\u00f6\u00dfte Motivation entsteht f\u00fcr mich, wenn wir am Ende des Mentorings unsere Studierenden mit den Sch\u00fcler_innen bei der Abschlussveranstaltung sehen und wir beobachten k\u00f6nnen, dass beide einen gro\u00dfen \u201eSprung\u201c weiter gekommen sind! Es ist wundersch\u00f6n, wie hiermit unterst\u00fctzt wird den eigenen Lebensweg bestm\u00f6glich zu gehen.<o:p><\/o:p><\/p>\n<p><strong>#4 F\u00fcr mich ist das wichtigste Ziel\/ absolute Highlight im <\/strong><strong><strong>PLUSTRACK<\/strong> Projekt, dass\u2026<\/strong><o:p><\/o:p><\/p>\n<p>\u2026 auf verschiedenen Ebenen Begegnung und positiver Austausch gef\u00f6rdert wird.&nbsp; Denn besonders ZUSAMMEN gehen viele Dinge leichter \u2013 \u00e4hnlich wie beim Fahren mit einem Tandemfahrrad \u2013 beide treten fest in die Pedale und \u00fcberlegen, welcher Weg am besten befahrbar ist. So \u00e4hnlich ist es auch im Mentoring, wir k\u00f6nnen voneinander lernen, uns unterst\u00fctzen und so gemeinsam weiter hinaus kommen. Das finde ich einen wundersch\u00f6nen Gedanken, der in diesem Projekt noch dazu wissenschaftlich evaluiert wird, sodass wir weiter daraus lernen k\u00f6nnen und auch andere Menschen\/andere Universit\u00e4ten diese Schritte umsetzen k\u00f6nnen.<o:p><\/o:p><\/p>\n<p><strong>#5 Wenn ich nicht im Rahmen von <\/strong><strong><strong>PLUSTRACK<\/strong> anzutreffen bin, kann man mir auch hier \u00fcber den Weg laufen\u2026.<\/strong><o:p><\/o:p><\/p>\n<p>In Lehrveranstaltungen von PP-Lehramt, Bibliothek und in der Nawi-Cafeteria. Ansonsten auch oft und gern mit meiner Familie am Spielplatz, um mit meinen drei Jungs herumzutoben oder im Wohnzimmer auf der gro\u00dfen Lego-Decke!&nbsp;<\/p>\t\t\t\t\t\t\t\t<\/div>\n\t\t\t\t<\/div>\n\t\t\t\t\t<\/div>\n\t\t<\/div>\n\t\t\t\t\t<\/div>\n\t\t<\/section>\n\t\t\t\t<section class=\"elementor-section elementor-top-section elementor-element elementor-element-6135ede7 elementor-section-boxed elementor-section-height-default elementor-section-height-default\" data-id=\"6135ede7\" data-element_type=\"section\">\n\t\t\t\t\t\t<div class=\"elementor-container elementor-column-gap-default\">\n\t\t\t\t\t<div class=\"elementor-column elementor-col-100 elementor-top-column elementor-element elementor-element-592e4e5c\" data-id=\"592e4e5c\" data-element_type=\"column\">\n\t\t\t<div class=\"elementor-widget-wrap elementor-element-populated\">\n\t\t\t\t\t\t\t<\/div>\n\t\t<\/div>\n\t\t\t\t\t<\/div>\n\t\t<\/section>\n\t\t\t\t<section class=\"elementor-section elementor-top-section elementor-element elementor-element-34156fc elementor-section-boxed elementor-section-height-default elementor-section-height-default\" data-id=\"34156fc\" data-element_type=\"section\">\n\t\t\t\t\t\t<div class=\"elementor-container elementor-column-gap-default\">\n\t\t\t\t\t<div class=\"elementor-column elementor-col-100 elementor-top-column elementor-element elementor-element-47aaf98\" data-id=\"47aaf98\" data-element_type=\"column\">\n\t\t\t<div class=\"elementor-widget-wrap elementor-element-populated\">\n\t\t\t\t\t\t<div class=\"elementor-element elementor-element-37635e8 elementor-align-center elementor-widget elementor-widget-button\" data-id=\"37635e8\" data-element_type=\"widget\" data-widget_type=\"button.default\">\n\t\t\t\t<div class=\"elementor-widget-container\">\n\t\t\t\t\t\t\t\t\t<div class=\"elementor-button-wrapper\">\n\t\t\t\t\t<a class=\"elementor-button elementor-button-link elementor-size-lg\" href=\"https:\/\/www.plus.ac.at\/?page_id=85673\">\n\t\t\t\t\t\t<span class=\"elementor-button-content-wrapper\">\n\t\t\t\t\t\t\t\t\t<span class=\"elementor-button-text\">Kontakt<\/span>\n\t\t\t\t\t<\/span>\n\t\t\t\t\t<\/a>\n\t\t\t\t<\/div>\n\t\t\t\t\t\t\t\t<\/div>\n\t\t\t\t<\/div>\n\t\t\t\t\t<\/div>\n\t\t<\/div>\n\t\t\t\t\t<\/div>\n\t\t<\/section>\n\t\t\t\t<\/div>\n\t\t","protected":false},"excerpt":{"rendered":"<p>Steckbrief Barbara Mackinger #1 Meine aktuellen Forschungsthemen\/ -theorien sind\u2026 \u2026Mentoring als Beratungsformat. Wie f\u00fcr Kinder und Jugendliche die Auseinandersetzung mit Rollenmodellen und der Abgleich mit der eigenen Identit\u00e4t helfen kann, die individuellen Potentiale gut auszusch\u00f6pfen. \u2026.in der LehrerInnen-Ausbildung finde ich (sozial)psychologische Theorien besonders wesentlich, auf dessen Basis Interaktionen im Unterricht [&hellip;]<\/p>\n","protected":false},"author":24,"featured_media":0,"parent":0,"menu_order":0,"comment_status":"closed","ping_status":"closed","template":"elementor_theme","meta":{"footnotes":""},"class_list":["post-6273","page","type-page","status-publish","hentry"],"yoast_head":"<!-- This site is optimized with the Yoast SEO plugin v24.5 - https:\/\/yoast.com\/wordpress\/plugins\/seo\/ -->\n<title>Steckbrief Barbara Mackinger - PLUSTRACK_EN<\/title>\n<meta name=\"robots\" content=\"index, follow, max-snippet:-1, max-image-preview:large, max-video-preview:-1\" \/>\n<link rel=\"canonical\" href=\"https:\/\/plustrack.at\/en\/steckbrief-barbara-mackinger\/\" \/>\n<meta property=\"og:locale\" content=\"en_US\" \/>\n<meta property=\"og:type\" content=\"article\" \/>\n<meta property=\"og:title\" content=\"Steckbrief Barbara Mackinger - PLUSTRACK_EN\" \/>\n<meta property=\"og:description\" content=\"Steckbrief Barbara Mackinger #1 Meine aktuellen Forschungsthemen\/ -theorien sind\u2026 \u2026Mentoring als Beratungsformat. Wie f\u00fcr Kinder und Jugendliche die Auseinandersetzung mit Rollenmodellen und der Abgleich mit der eigenen Identit\u00e4t helfen kann, die individuellen Potentiale gut auszusch\u00f6pfen. \u2026.in der LehrerInnen-Ausbildung finde ich (sozial)psychologische Theorien besonders wesentlich, auf dessen Basis Interaktionen im Unterricht [&hellip;]\" \/>\n<meta property=\"og:url\" content=\"https:\/\/plustrack.at\/en\/steckbrief-barbara-mackinger\/\" \/>\n<meta property=\"og:site_name\" content=\"PLUSTRACK_EN\" \/>\n<meta property=\"og:image\" content=\"https:\/\/plustrack.at\/wp-content\/uploads\/2022\/02\/Portraet_Mackinger2a-768x1037.jpg\" \/>\n<meta name=\"twitter:card\" content=\"summary_large_image\" \/>\n<meta name=\"twitter:label1\" content=\"Est. reading time\" \/>\n\t<meta name=\"twitter:data1\" content=\"2 minutes\" \/>\n<script type=\"application\/ld+json\" class=\"yoast-schema-graph\">{\"@context\":\"https:\/\/schema.org\",\"@graph\":[{\"@type\":\"WebPage\",\"@id\":\"https:\/\/plustrack.at\/en\/steckbrief-barbara-mackinger\/\",\"url\":\"https:\/\/plustrack.at\/en\/steckbrief-barbara-mackinger\/\",\"name\":\"Steckbrief Barbara Mackinger - PLUSTRACK_EN\",\"isPartOf\":{\"@id\":\"https:\/\/plustrack.at\/en\/#website\"},\"primaryImageOfPage\":{\"@id\":\"https:\/\/plustrack.at\/en\/steckbrief-barbara-mackinger\/#primaryimage\"},\"image\":{\"@id\":\"https:\/\/plustrack.at\/en\/steckbrief-barbara-mackinger\/#primaryimage\"},\"thumbnailUrl\":\"https:\/\/plustrack.at\/wp-content\/uploads\/2022\/02\/Portraet_Mackinger2a-768x1037.jpg\",\"datePublished\":\"2022-07-19T07:59:13+00:00\",\"breadcrumb\":{\"@id\":\"https:\/\/plustrack.at\/en\/steckbrief-barbara-mackinger\/#breadcrumb\"},\"inLanguage\":\"en-US\",\"potentialAction\":[{\"@type\":\"ReadAction\",\"target\":[\"https:\/\/plustrack.at\/en\/steckbrief-barbara-mackinger\/\"]}]},{\"@type\":\"ImageObject\",\"inLanguage\":\"en-US\",\"@id\":\"https:\/\/plustrack.at\/en\/steckbrief-barbara-mackinger\/#primaryimage\",\"url\":\"https:\/\/plustrack.at\/wp-content\/uploads\/2022\/02\/Portraet_Mackinger2a-768x1037.jpg\",\"contentUrl\":\"https:\/\/plustrack.at\/wp-content\/uploads\/2022\/02\/Portraet_Mackinger2a-768x1037.jpg\"},{\"@type\":\"BreadcrumbList\",\"@id\":\"https:\/\/plustrack.at\/en\/steckbrief-barbara-mackinger\/#breadcrumb\",\"itemListElement\":[{\"@type\":\"ListItem\",\"position\":1,\"name\":\"Home\",\"item\":\"https:\/\/plustrack.at\/en\/\"},{\"@type\":\"ListItem\",\"position\":2,\"name\":\"Steckbrief Barbara Mackinger\"}]},{\"@type\":\"WebSite\",\"@id\":\"https:\/\/plustrack.at\/en\/#website\",\"url\":\"https:\/\/plustrack.at\/en\/\",\"name\":\"PLUSTRACK_EN\",\"description\":\"Your Community at the Paris Lodron University of Salzburg\",\"publisher\":{\"@id\":\"https:\/\/plustrack.at\/en\/#organization\"},\"potentialAction\":[{\"@type\":\"SearchAction\",\"target\":{\"@type\":\"EntryPoint\",\"urlTemplate\":\"https:\/\/plustrack.at\/en\/?s={search_term_string}\"},\"query-input\":{\"@type\":\"PropertyValueSpecification\",\"valueRequired\":true,\"valueName\":\"search_term_string\"}}],\"inLanguage\":\"en-US\"},{\"@type\":\"Organization\",\"@id\":\"https:\/\/plustrack.at\/en\/#organization\",\"name\":\"PLUSTRACK_EN\",\"url\":\"https:\/\/plustrack.at\/en\/\",\"logo\":{\"@type\":\"ImageObject\",\"inLanguage\":\"en-US\",\"@id\":\"https:\/\/plustrack.at\/en\/#\/schema\/logo\/image\/\",\"url\":\"https:\/\/plustrack.at\/en\/wp-content\/uploads\/sites\/3\/2025\/04\/cropped-Logo_PLUStrack.png\",\"contentUrl\":\"https:\/\/plustrack.at\/en\/wp-content\/uploads\/sites\/3\/2025\/04\/cropped-Logo_PLUStrack.png\",\"width\":1867,\"height\":747,\"caption\":\"PLUSTRACK_EN\"},\"image\":{\"@id\":\"https:\/\/plustrack.at\/en\/#\/schema\/logo\/image\/\"}}]}<\/script>\n<!-- \/ Yoast SEO plugin. -->","yoast_head_json":{"title":"Steckbrief Barbara Mackinger - PLUSTRACK_EN","robots":{"index":"index","follow":"follow","max-snippet":"max-snippet:-1","max-image-preview":"max-image-preview:large","max-video-preview":"max-video-preview:-1"},"canonical":"https:\/\/plustrack.at\/en\/steckbrief-barbara-mackinger\/","og_locale":"en_US","og_type":"article","og_title":"Steckbrief Barbara Mackinger - PLUSTRACK_EN","og_description":"Steckbrief Barbara Mackinger #1 Meine aktuellen Forschungsthemen\/ -theorien sind\u2026 \u2026Mentoring als Beratungsformat. Wie f\u00fcr Kinder und Jugendliche die Auseinandersetzung mit Rollenmodellen und der Abgleich mit der eigenen Identit\u00e4t helfen kann, die individuellen Potentiale gut auszusch\u00f6pfen. \u2026.in der LehrerInnen-Ausbildung finde ich (sozial)psychologische Theorien besonders wesentlich, auf dessen Basis Interaktionen im Unterricht [&hellip;]","og_url":"https:\/\/plustrack.at\/en\/steckbrief-barbara-mackinger\/","og_site_name":"PLUSTRACK_EN","og_image":[{"url":"https:\/\/plustrack.at\/wp-content\/uploads\/2022\/02\/Portraet_Mackinger2a-768x1037.jpg","type":"","width":"","height":""}],"twitter_card":"summary_large_image","twitter_misc":{"Est. reading time":"2 minutes"},"schema":{"@context":"https:\/\/schema.org","@graph":[{"@type":"WebPage","@id":"https:\/\/plustrack.at\/en\/steckbrief-barbara-mackinger\/","url":"https:\/\/plustrack.at\/en\/steckbrief-barbara-mackinger\/","name":"Steckbrief Barbara Mackinger - PLUSTRACK_EN","isPartOf":{"@id":"https:\/\/plustrack.at\/en\/#website"},"primaryImageOfPage":{"@id":"https:\/\/plustrack.at\/en\/steckbrief-barbara-mackinger\/#primaryimage"},"image":{"@id":"https:\/\/plustrack.at\/en\/steckbrief-barbara-mackinger\/#primaryimage"},"thumbnailUrl":"https:\/\/plustrack.at\/wp-content\/uploads\/2022\/02\/Portraet_Mackinger2a-768x1037.jpg","datePublished":"2022-07-19T07:59:13+00:00","breadcrumb":{"@id":"https:\/\/plustrack.at\/en\/steckbrief-barbara-mackinger\/#breadcrumb"},"inLanguage":"en-US","potentialAction":[{"@type":"ReadAction","target":["https:\/\/plustrack.at\/en\/steckbrief-barbara-mackinger\/"]}]},{"@type":"ImageObject","inLanguage":"en-US","@id":"https:\/\/plustrack.at\/en\/steckbrief-barbara-mackinger\/#primaryimage","url":"https:\/\/plustrack.at\/wp-content\/uploads\/2022\/02\/Portraet_Mackinger2a-768x1037.jpg","contentUrl":"https:\/\/plustrack.at\/wp-content\/uploads\/2022\/02\/Portraet_Mackinger2a-768x1037.jpg"},{"@type":"BreadcrumbList","@id":"https:\/\/plustrack.at\/en\/steckbrief-barbara-mackinger\/#breadcrumb","itemListElement":[{"@type":"ListItem","position":1,"name":"Home","item":"https:\/\/plustrack.at\/en\/"},{"@type":"ListItem","position":2,"name":"Steckbrief Barbara Mackinger"}]},{"@type":"WebSite","@id":"https:\/\/plustrack.at\/en\/#website","url":"https:\/\/plustrack.at\/en\/","name":"PLUSTRACK_EN","description":"Your Community at the Paris Lodron University of Salzburg","publisher":{"@id":"https:\/\/plustrack.at\/en\/#organization"},"potentialAction":[{"@type":"SearchAction","target":{"@type":"EntryPoint","urlTemplate":"https:\/\/plustrack.at\/en\/?s={search_term_string}"},"query-input":{"@type":"PropertyValueSpecification","valueRequired":true,"valueName":"search_term_string"}}],"inLanguage":"en-US"},{"@type":"Organization","@id":"https:\/\/plustrack.at\/en\/#organization","name":"PLUSTRACK_EN","url":"https:\/\/plustrack.at\/en\/","logo":{"@type":"ImageObject","inLanguage":"en-US","@id":"https:\/\/plustrack.at\/en\/#\/schema\/logo\/image\/","url":"https:\/\/plustrack.at\/en\/wp-content\/uploads\/sites\/3\/2025\/04\/cropped-Logo_PLUStrack.png","contentUrl":"https:\/\/plustrack.at\/en\/wp-content\/uploads\/sites\/3\/2025\/04\/cropped-Logo_PLUStrack.png","width":1867,"height":747,"caption":"PLUSTRACK_EN"},"image":{"@id":"https:\/\/plustrack.at\/en\/#\/schema\/logo\/image\/"}}]}},"_links":{"self":[{"href":"https:\/\/plustrack.at\/en\/wp-json\/wp\/v2\/pages\/6273","targetHints":{"allow":["GET"]}}],"collection":[{"href":"https:\/\/plustrack.at\/en\/wp-json\/wp\/v2\/pages"}],"about":[{"href":"https:\/\/plustrack.at\/en\/wp-json\/wp\/v2\/types\/page"}],"author":[{"embeddable":true,"href":"https:\/\/plustrack.at\/en\/wp-json\/wp\/v2\/users\/24"}],"replies":[{"embeddable":true,"href":"https:\/\/plustrack.at\/en\/wp-json\/wp\/v2\/comments?post=6273"}],"version-history":[{"count":0,"href":"https:\/\/plustrack.at\/en\/wp-json\/wp\/v2\/pages\/6273\/revisions"}],"wp:attachment":[{"href":"https:\/\/plustrack.at\/en\/wp-json\/wp\/v2\/media?parent=6273"}],"curies":[{"name":"wp","href":"https:\/\/api.w.org\/{rel}","templated":true}]}}