{"id":6222,"date":"2022-07-19T09:38:42","date_gmt":"2022-07-19T07:38:42","guid":{"rendered":"https:\/\/on-track.sbg.ac.at\/?page_id=6222"},"modified":"2022-07-19T09:38:42","modified_gmt":"2022-07-19T07:38:42","slug":"steckbrief-stefan-reiss","status":"publish","type":"page","link":"https:\/\/plustrack.at\/en\/steckbrief-stefan-reiss\/","title":{"rendered":"Steckbrief Stefan Rei\u00df"},"content":{"rendered":"\t\t<div data-elementor-type=\"wp-page\" data-elementor-id=\"6222\" class=\"elementor elementor-6222\">\n\t\t\t\t\t\t<section class=\"elementor-section elementor-top-section elementor-element elementor-element-4471f95 elementor-section-stretched elementor-section-boxed elementor-section-height-default elementor-section-height-default\" data-id=\"4471f95\" data-element_type=\"section\" data-settings=\"{&quot;stretch_section&quot;:&quot;section-stretched&quot;}\">\n\t\t\t\t\t\t<div class=\"elementor-container elementor-column-gap-default\">\n\t\t\t\t\t<div class=\"elementor-column elementor-col-100 elementor-top-column elementor-element elementor-element-08eccf1\" data-id=\"08eccf1\" data-element_type=\"column\">\n\t\t\t<div class=\"elementor-widget-wrap elementor-element-populated\">\n\t\t\t\t\t\t<div class=\"elementor-element elementor-element-a46df1f elementor-widget elementor-widget-heading\" data-id=\"a46df1f\" data-element_type=\"widget\" data-widget_type=\"heading.default\">\n\t\t\t\t<div class=\"elementor-widget-container\">\n\t\t\t\t\t<h2 class=\"elementor-heading-title elementor-size-default\">Steckbrief Stefan Rei\u00df<\/h2>\t\t\t\t<\/div>\n\t\t\t\t<\/div>\n\t\t\t\t\t<\/div>\n\t\t<\/div>\n\t\t\t\t\t<\/div>\n\t\t<\/section>\n\t\t\t\t<section class=\"elementor-section elementor-top-section elementor-element elementor-element-81a6ec3 elementor-section-stretched elementor-section-boxed elementor-section-height-default elementor-section-height-default\" data-id=\"81a6ec3\" data-element_type=\"section\" data-settings=\"{&quot;stretch_section&quot;:&quot;section-stretched&quot;}\">\n\t\t\t\t\t\t<div class=\"elementor-container elementor-column-gap-default\">\n\t\t\t\t\t<div class=\"elementor-column elementor-col-33 elementor-top-column elementor-element elementor-element-945f20d\" data-id=\"945f20d\" data-element_type=\"column\">\n\t\t\t<div class=\"elementor-widget-wrap elementor-element-populated\">\n\t\t\t\t\t\t<div class=\"elementor-element elementor-element-ef0b1ab elementor-widget elementor-widget-image\" data-id=\"ef0b1ab\" data-element_type=\"widget\" data-widget_type=\"image.default\">\n\t\t\t\t<div class=\"elementor-widget-container\">\n\t\t\t\t\t\t\t\t\t\t\t\t\t\t\t<img decoding=\"async\" src=\"https:\/\/plustrack.at\/wp-content\/uploads\/2023\/05\/StefanPortrait-1.jpg\" title=\"\" alt=\"\" loading=\"lazy\" \/>\t\t\t\t\t\t\t\t\t\t\t\t\t\t\t<\/div>\n\t\t\t\t<\/div>\n\t\t\t\t<div class=\"elementor-element elementor-element-b32d06a elementor-widget elementor-widget-text-editor\" data-id=\"b32d06a\" data-element_type=\"widget\" data-widget_type=\"text-editor.default\">\n\t\t\t\t<div class=\"elementor-widget-container\">\n\t\t\t\t\t\t\t\t\t<p>Ich bin auch hier zu finden:<\/p>\t\t\t\t\t\t\t\t<\/div>\n\t\t\t\t<\/div>\n\t\t\t\t<div class=\"elementor-element elementor-element-26d4d83 elementor-shape-circle elementor-grid-0 e-grid-align-center elementor-widget elementor-widget-social-icons\" data-id=\"26d4d83\" data-element_type=\"widget\" data-widget_type=\"social-icons.default\">\n\t\t\t\t<div class=\"elementor-widget-container\">\n\t\t\t\t\t\t\t<div class=\"elementor-social-icons-wrapper elementor-grid\">\n\t\t\t\t\t\t\t<span class=\"elementor-grid-item\">\n\t\t\t\t\t<a class=\"elementor-icon elementor-social-icon elementor-social-icon-twitter elementor-repeater-item-c55fbf4\" href=\"https:\/\/twitter.com\/ste_fan_reiss\" target=\"_blank\">\n\t\t\t\t\t\t<span class=\"elementor-screen-only\">Twitter<\/span>\n\t\t\t\t\t\t<i class=\"fab fa-twitter\"><\/i>\t\t\t\t\t<\/a>\n\t\t\t\t<\/span>\n\t\t\t\t\t\t\t<span class=\"elementor-grid-item\">\n\t\t\t\t\t<a class=\"elementor-icon elementor-social-icon elementor-social-icon-researchgate elementor-repeater-item-138d968\" href=\"https:\/\/www.researchgate.net\/profile\/Stefan-Reiss\" target=\"_blank\">\n\t\t\t\t\t\t<span class=\"elementor-screen-only\">Researchgate<\/span>\n\t\t\t\t\t\t<i class=\"fab fa-researchgate\"><\/i>\t\t\t\t\t<\/a>\n\t\t\t\t<\/span>\n\t\t\t\t\t\t\t<span class=\"elementor-grid-item\">\n\t\t\t\t\t<a class=\"elementor-icon elementor-social-icon elementor-social-icon-strava elementor-repeater-item-37d9155\" href=\"https:\/\/www.strava.com\/athletes\/41194085\" target=\"_blank\">\n\t\t\t\t\t\t<span class=\"elementor-screen-only\">Strava<\/span>\n\t\t\t\t\t\t<i class=\"fab fa-strava\"><\/i>\t\t\t\t\t<\/a>\n\t\t\t\t<\/span>\n\t\t\t\t\t<\/div>\n\t\t\t\t\t\t<\/div>\n\t\t\t\t<\/div>\n\t\t\t\t\t<\/div>\n\t\t<\/div>\n\t\t\t\t<div class=\"elementor-column elementor-col-66 elementor-top-column elementor-element elementor-element-f7600ad\" data-id=\"f7600ad\" data-element_type=\"column\">\n\t\t\t<div class=\"elementor-widget-wrap elementor-element-populated\">\n\t\t\t\t\t\t<div class=\"elementor-element elementor-element-27f8e52 elementor-widget elementor-widget-text-editor\" data-id=\"27f8e52\" data-element_type=\"widget\" data-widget_type=\"text-editor.default\">\n\t\t\t\t<div class=\"elementor-widget-container\">\n\t\t\t\t\t\t\t\t\t<p><strong>#1 Meine Forschungsinteressen sind\u2026<\/strong><\/p><p>Ich befasse mich mit Forschung zu psychologischen Bedrohungen: Welche Situationen sorgen daf\u00fcr, dass wir uns \u00e4ngstlich f\u00fchlen? Und wie gehen wir mit Angst um? Wie k\u00f6nnen wir den Umgang mit \u00c4ngstlichkeit verbessern?<\/p><p>Im Rahmen von PLUSTRACK m\u00f6chte ich erforschen, wie wir besser mit Misserfolgen umgehen k\u00f6nnen, und wie wir ein positives Zusammengeh\u00f6rigkeitsgef\u00fchl an der Uni schaffen k\u00f6nnen. Studierende sollen sich nicht nur mit der Uni identifizieren, sondern sich vor allem als Teil einer Gemeinschaft und zugeh\u00f6rig f\u00fchlen.<\/p><p><strong>#2 Meine Funktion bei <\/strong><strong>PLUSTRACK ist\u2026<\/strong><\/p><p>F\u00fcr das Projekt bin ich als stellvertretender Projektleiter f\u00fcr die generelle Organisation zust\u00e4ndig. Haupts\u00e4chlich bin ich f\u00fcr das Arbeitspaket <a href=\"https:\/\/plustrack.at\/ueber-das-projekt\/conep\/\">Community Networking<\/a> zust\u00e4ndig und betreue die wissenschaftliche Evaluierung der einzelnen Pakete und die Studien der Doktorand*innen mit.<\/p><p><strong>#3 Ich bin motiviert bei PLUSTRACK mitzuarbeiten, weil\u2026<\/strong><\/p><p>Ich hier die riesige Chance sehe, unser theoretisches Wissen in die Praxis umzusetzen. Wir wollen wissenschaftlich fundierte Forschung in echte Unterst\u00fctzung umsetzen, um Studierenden die Begleitung zu bieten, die sie in wichtigen und studienerfolgskritischen Situationen brauchen.<\/p><p><strong>#4 F\u00fcr mich ist das wichtigste Ziel\/ absolute Highlight bei PLUSTRACK , dass\u2026<\/strong><\/p><p>Mein pers\u00f6nliches Highlight ist die Verbindung von Grundlagenforschung mit \u201cechter\u201d Anwendung. Im Rahmen des Projekts sprechen wir \u00fcber Herausforderungen, denen sich Studierende wirklich stellen, und versuchen, theoriegeleitet L\u00f6sungen und Hilfestellungen zu entwerfen, die auch wirklich wirken. Um das zu gew\u00e4hrleisten, m\u00fcssen diese Ans\u00e4tze auch wissenschaftlich begleitet werden, das finde ich einen wahnsinnig spannenden Prozess.<\/p><p><strong>#5 Wenn ich nicht im Rahmen von PLUSTRACK anzutreffen bin, kann man mir auch hier \u00fcber den Weg laufen\u2026.<\/strong><\/p><p>Wenn nicht gerade Corona ist, am Fachbereich Psychologie an der Nawi, in meinem B\u00fcro oder der Kaffeek\u00fcche.<\/p><p>Im Sommer beim Radeln, im Winter beim Langlaufen, ansonsten wahrscheinlich beim Espressotrinken.<\/p>\t\t\t\t\t\t\t\t<\/div>\n\t\t\t\t<\/div>\n\t\t\t\t\t<\/div>\n\t\t<\/div>\n\t\t\t\t\t<\/div>\n\t\t<\/section>\n\t\t\t\t<section class=\"elementor-section elementor-top-section elementor-element elementor-element-6135ede7 elementor-section-boxed elementor-section-height-default elementor-section-height-default\" data-id=\"6135ede7\" data-element_type=\"section\">\n\t\t\t\t\t\t<div class=\"elementor-container elementor-column-gap-default\">\n\t\t\t\t\t<div class=\"elementor-column elementor-col-100 elementor-top-column elementor-element elementor-element-592e4e5c\" data-id=\"592e4e5c\" data-element_type=\"column\">\n\t\t\t<div class=\"elementor-widget-wrap elementor-element-populated\">\n\t\t\t\t\t\t\t<\/div>\n\t\t<\/div>\n\t\t\t\t\t<\/div>\n\t\t<\/section>\n\t\t\t\t<section class=\"elementor-section elementor-top-section elementor-element elementor-element-d548ce6 elementor-section-boxed elementor-section-height-default elementor-section-height-default\" data-id=\"d548ce6\" data-element_type=\"section\">\n\t\t\t\t\t\t<div class=\"elementor-container elementor-column-gap-default\">\n\t\t\t\t\t<div class=\"elementor-column elementor-col-100 elementor-top-column elementor-element elementor-element-dd819bc\" data-id=\"dd819bc\" data-element_type=\"column\">\n\t\t\t<div class=\"elementor-widget-wrap elementor-element-populated\">\n\t\t\t\t\t\t<div class=\"elementor-element elementor-element-89b11fe elementor-align-center elementor-widget elementor-widget-button\" data-id=\"89b11fe\" data-element_type=\"widget\" data-widget_type=\"button.default\">\n\t\t\t\t<div class=\"elementor-widget-container\">\n\t\t\t\t\t\t\t\t\t<div class=\"elementor-button-wrapper\">\n\t\t\t\t\t<a class=\"elementor-button elementor-button-link elementor-size-lg\" href=\"https:\/\/www.plus.ac.at\/?page_id=85710\">\n\t\t\t\t\t\t<span class=\"elementor-button-content-wrapper\">\n\t\t\t\t\t\t\t\t\t<span class=\"elementor-button-text\">Kontakt<\/span>\n\t\t\t\t\t<\/span>\n\t\t\t\t\t<\/a>\n\t\t\t\t<\/div>\n\t\t\t\t\t\t\t\t<\/div>\n\t\t\t\t<\/div>\n\t\t\t\t\t<\/div>\n\t\t<\/div>\n\t\t\t\t\t<\/div>\n\t\t<\/section>\n\t\t\t\t<section class=\"elementor-section elementor-top-section elementor-element elementor-element-9ed86fb elementor-section-stretched elementor-section-boxed elementor-section-height-default elementor-section-height-default\" data-id=\"9ed86fb\" data-element_type=\"section\" data-settings=\"{&quot;stretch_section&quot;:&quot;section-stretched&quot;}\">\n\t\t\t\t\t\t<div class=\"elementor-container elementor-column-gap-default\">\n\t\t\t\t\t<div class=\"elementor-column elementor-col-50 elementor-top-column elementor-element elementor-element-95d4c53\" data-id=\"95d4c53\" data-element_type=\"column\">\n\t\t\t<div class=\"elementor-widget-wrap\">\n\t\t\t\t\t\t\t<\/div>\n\t\t<\/div>\n\t\t\t\t<div class=\"elementor-column elementor-col-50 elementor-top-column elementor-element elementor-element-58b79f8\" data-id=\"58b79f8\" data-element_type=\"column\">\n\t\t\t<div class=\"elementor-widget-wrap\">\n\t\t\t\t\t\t\t<\/div>\n\t\t<\/div>\n\t\t\t\t\t<\/div>\n\t\t<\/section>\n\t\t\t\t<\/div>\n\t\t","protected":false},"excerpt":{"rendered":"<p>Steckbrief Stefan Rei\u00df Ich bin auch hier zu finden: Twitter Researchgate Strava #1 Meine Forschungsinteressen sind\u2026 Ich befasse mich mit Forschung zu psychologischen Bedrohungen: Welche Situationen sorgen daf\u00fcr, dass wir uns \u00e4ngstlich f\u00fchlen? Und wie gehen wir mit Angst um? Wie k\u00f6nnen wir den Umgang mit \u00c4ngstlichkeit verbessern? Im Rahmen [&hellip;]<\/p>\n","protected":false},"author":24,"featured_media":5480,"parent":0,"menu_order":0,"comment_status":"closed","ping_status":"closed","template":"elementor_theme","meta":{"footnotes":""},"class_list":["post-6222","page","type-page","status-publish","has-post-thumbnail","hentry"],"yoast_head":"<!-- This site is optimized with the Yoast SEO plugin v24.5 - https:\/\/yoast.com\/wordpress\/plugins\/seo\/ -->\n<title>Steckbrief Stefan Rei\u00df - PLUSTRACK_EN<\/title>\n<meta name=\"robots\" content=\"index, follow, max-snippet:-1, max-image-preview:large, max-video-preview:-1\" \/>\n<link rel=\"canonical\" href=\"https:\/\/plustrack.at\/en\/steckbrief-stefan-reiss\/\" \/>\n<meta property=\"og:locale\" content=\"en_US\" \/>\n<meta property=\"og:type\" content=\"article\" \/>\n<meta property=\"og:title\" content=\"Steckbrief Stefan Rei\u00df - PLUSTRACK_EN\" \/>\n<meta property=\"og:description\" content=\"Steckbrief Stefan Rei\u00df Ich bin auch hier zu finden: Twitter Researchgate Strava #1 Meine Forschungsinteressen sind\u2026 Ich befasse mich mit Forschung zu psychologischen Bedrohungen: Welche Situationen sorgen daf\u00fcr, dass wir uns \u00e4ngstlich f\u00fchlen? Und wie gehen wir mit Angst um? Wie k\u00f6nnen wir den Umgang mit \u00c4ngstlichkeit verbessern? Im Rahmen [&hellip;]\" \/>\n<meta property=\"og:url\" content=\"https:\/\/plustrack.at\/en\/steckbrief-stefan-reiss\/\" \/>\n<meta property=\"og:site_name\" content=\"PLUSTRACK_EN\" \/>\n<meta property=\"og:image\" content=\"https:\/\/plustrack.at\/wp-content\/uploads\/2023\/05\/StefanPortrait-1-768x972.jpg\" \/>\n<meta name=\"twitter:card\" content=\"summary_large_image\" \/>\n<meta name=\"twitter:label1\" content=\"Est. reading time\" \/>\n\t<meta name=\"twitter:data1\" content=\"2 minutes\" \/>\n<script type=\"application\/ld+json\" class=\"yoast-schema-graph\">{\"@context\":\"https:\/\/schema.org\",\"@graph\":[{\"@type\":\"WebPage\",\"@id\":\"https:\/\/plustrack.at\/en\/steckbrief-stefan-reiss\/\",\"url\":\"https:\/\/plustrack.at\/en\/steckbrief-stefan-reiss\/\",\"name\":\"Steckbrief Stefan Rei\u00df - PLUSTRACK_EN\",\"isPartOf\":{\"@id\":\"https:\/\/plustrack.at\/en\/#website\"},\"primaryImageOfPage\":{\"@id\":\"https:\/\/plustrack.at\/en\/steckbrief-stefan-reiss\/#primaryimage\"},\"image\":{\"@id\":\"https:\/\/plustrack.at\/en\/steckbrief-stefan-reiss\/#primaryimage\"},\"thumbnailUrl\":\"https:\/\/plustrack.at\/en\/wp-content\/uploads\/sites\/3\/2022\/05\/Nawi-scaled-1.jpg\",\"datePublished\":\"2022-07-19T07:38:42+00:00\",\"breadcrumb\":{\"@id\":\"https:\/\/plustrack.at\/en\/steckbrief-stefan-reiss\/#breadcrumb\"},\"inLanguage\":\"en-US\",\"potentialAction\":[{\"@type\":\"ReadAction\",\"target\":[\"https:\/\/plustrack.at\/en\/steckbrief-stefan-reiss\/\"]}]},{\"@type\":\"ImageObject\",\"inLanguage\":\"en-US\",\"@id\":\"https:\/\/plustrack.at\/en\/steckbrief-stefan-reiss\/#primaryimage\",\"url\":\"https:\/\/plustrack.at\/en\/wp-content\/uploads\/sites\/3\/2022\/05\/Nawi-scaled-1.jpg\",\"contentUrl\":\"https:\/\/plustrack.at\/en\/wp-content\/uploads\/sites\/3\/2022\/05\/Nawi-scaled-1.jpg\",\"width\":2560,\"height\":1283,\"caption\":\"Nawi-Bild f\u00fcr R\u00e4ume\"},{\"@type\":\"BreadcrumbList\",\"@id\":\"https:\/\/plustrack.at\/en\/steckbrief-stefan-reiss\/#breadcrumb\",\"itemListElement\":[{\"@type\":\"ListItem\",\"position\":1,\"name\":\"Home\",\"item\":\"https:\/\/plustrack.at\/en\/\"},{\"@type\":\"ListItem\",\"position\":2,\"name\":\"Steckbrief Stefan Rei\u00df\"}]},{\"@type\":\"WebSite\",\"@id\":\"https:\/\/plustrack.at\/en\/#website\",\"url\":\"https:\/\/plustrack.at\/en\/\",\"name\":\"PLUSTRACK_EN\",\"description\":\"Your Community at the Paris Lodron University of Salzburg\",\"publisher\":{\"@id\":\"https:\/\/plustrack.at\/en\/#organization\"},\"potentialAction\":[{\"@type\":\"SearchAction\",\"target\":{\"@type\":\"EntryPoint\",\"urlTemplate\":\"https:\/\/plustrack.at\/en\/?s={search_term_string}\"},\"query-input\":{\"@type\":\"PropertyValueSpecification\",\"valueRequired\":true,\"valueName\":\"search_term_string\"}}],\"inLanguage\":\"en-US\"},{\"@type\":\"Organization\",\"@id\":\"https:\/\/plustrack.at\/en\/#organization\",\"name\":\"PLUSTRACK_EN\",\"url\":\"https:\/\/plustrack.at\/en\/\",\"logo\":{\"@type\":\"ImageObject\",\"inLanguage\":\"en-US\",\"@id\":\"https:\/\/plustrack.at\/en\/#\/schema\/logo\/image\/\",\"url\":\"https:\/\/plustrack.at\/en\/wp-content\/uploads\/sites\/3\/2025\/04\/cropped-Logo_PLUStrack.png\",\"contentUrl\":\"https:\/\/plustrack.at\/en\/wp-content\/uploads\/sites\/3\/2025\/04\/cropped-Logo_PLUStrack.png\",\"width\":1867,\"height\":747,\"caption\":\"PLUSTRACK_EN\"},\"image\":{\"@id\":\"https:\/\/plustrack.at\/en\/#\/schema\/logo\/image\/\"}}]}<\/script>\n<!-- \/ Yoast SEO plugin. -->","yoast_head_json":{"title":"Steckbrief Stefan Rei\u00df - PLUSTRACK_EN","robots":{"index":"index","follow":"follow","max-snippet":"max-snippet:-1","max-image-preview":"max-image-preview:large","max-video-preview":"max-video-preview:-1"},"canonical":"https:\/\/plustrack.at\/en\/steckbrief-stefan-reiss\/","og_locale":"en_US","og_type":"article","og_title":"Steckbrief Stefan Rei\u00df - PLUSTRACK_EN","og_description":"Steckbrief Stefan Rei\u00df Ich bin auch hier zu finden: Twitter Researchgate Strava #1 Meine Forschungsinteressen sind\u2026 Ich befasse mich mit Forschung zu psychologischen Bedrohungen: Welche Situationen sorgen daf\u00fcr, dass wir uns \u00e4ngstlich f\u00fchlen? Und wie gehen wir mit Angst um? Wie k\u00f6nnen wir den Umgang mit \u00c4ngstlichkeit verbessern? Im Rahmen [&hellip;]","og_url":"https:\/\/plustrack.at\/en\/steckbrief-stefan-reiss\/","og_site_name":"PLUSTRACK_EN","og_image":[{"url":"https:\/\/plustrack.at\/wp-content\/uploads\/2023\/05\/StefanPortrait-1-768x972.jpg","type":"","width":"","height":""}],"twitter_card":"summary_large_image","twitter_misc":{"Est. reading time":"2 minutes"},"schema":{"@context":"https:\/\/schema.org","@graph":[{"@type":"WebPage","@id":"https:\/\/plustrack.at\/en\/steckbrief-stefan-reiss\/","url":"https:\/\/plustrack.at\/en\/steckbrief-stefan-reiss\/","name":"Steckbrief Stefan Rei\u00df - PLUSTRACK_EN","isPartOf":{"@id":"https:\/\/plustrack.at\/en\/#website"},"primaryImageOfPage":{"@id":"https:\/\/plustrack.at\/en\/steckbrief-stefan-reiss\/#primaryimage"},"image":{"@id":"https:\/\/plustrack.at\/en\/steckbrief-stefan-reiss\/#primaryimage"},"thumbnailUrl":"https:\/\/plustrack.at\/en\/wp-content\/uploads\/sites\/3\/2022\/05\/Nawi-scaled-1.jpg","datePublished":"2022-07-19T07:38:42+00:00","breadcrumb":{"@id":"https:\/\/plustrack.at\/en\/steckbrief-stefan-reiss\/#breadcrumb"},"inLanguage":"en-US","potentialAction":[{"@type":"ReadAction","target":["https:\/\/plustrack.at\/en\/steckbrief-stefan-reiss\/"]}]},{"@type":"ImageObject","inLanguage":"en-US","@id":"https:\/\/plustrack.at\/en\/steckbrief-stefan-reiss\/#primaryimage","url":"https:\/\/plustrack.at\/en\/wp-content\/uploads\/sites\/3\/2022\/05\/Nawi-scaled-1.jpg","contentUrl":"https:\/\/plustrack.at\/en\/wp-content\/uploads\/sites\/3\/2022\/05\/Nawi-scaled-1.jpg","width":2560,"height":1283,"caption":"Nawi-Bild f\u00fcr R\u00e4ume"},{"@type":"BreadcrumbList","@id":"https:\/\/plustrack.at\/en\/steckbrief-stefan-reiss\/#breadcrumb","itemListElement":[{"@type":"ListItem","position":1,"name":"Home","item":"https:\/\/plustrack.at\/en\/"},{"@type":"ListItem","position":2,"name":"Steckbrief Stefan Rei\u00df"}]},{"@type":"WebSite","@id":"https:\/\/plustrack.at\/en\/#website","url":"https:\/\/plustrack.at\/en\/","name":"PLUSTRACK_EN","description":"Your Community at the Paris Lodron University of Salzburg","publisher":{"@id":"https:\/\/plustrack.at\/en\/#organization"},"potentialAction":[{"@type":"SearchAction","target":{"@type":"EntryPoint","urlTemplate":"https:\/\/plustrack.at\/en\/?s={search_term_string}"},"query-input":{"@type":"PropertyValueSpecification","valueRequired":true,"valueName":"search_term_string"}}],"inLanguage":"en-US"},{"@type":"Organization","@id":"https:\/\/plustrack.at\/en\/#organization","name":"PLUSTRACK_EN","url":"https:\/\/plustrack.at\/en\/","logo":{"@type":"ImageObject","inLanguage":"en-US","@id":"https:\/\/plustrack.at\/en\/#\/schema\/logo\/image\/","url":"https:\/\/plustrack.at\/en\/wp-content\/uploads\/sites\/3\/2025\/04\/cropped-Logo_PLUStrack.png","contentUrl":"https:\/\/plustrack.at\/en\/wp-content\/uploads\/sites\/3\/2025\/04\/cropped-Logo_PLUStrack.png","width":1867,"height":747,"caption":"PLUSTRACK_EN"},"image":{"@id":"https:\/\/plustrack.at\/en\/#\/schema\/logo\/image\/"}}]}},"_links":{"self":[{"href":"https:\/\/plustrack.at\/en\/wp-json\/wp\/v2\/pages\/6222","targetHints":{"allow":["GET"]}}],"collection":[{"href":"https:\/\/plustrack.at\/en\/wp-json\/wp\/v2\/pages"}],"about":[{"href":"https:\/\/plustrack.at\/en\/wp-json\/wp\/v2\/types\/page"}],"author":[{"embeddable":true,"href":"https:\/\/plustrack.at\/en\/wp-json\/wp\/v2\/users\/24"}],"replies":[{"embeddable":true,"href":"https:\/\/plustrack.at\/en\/wp-json\/wp\/v2\/comments?post=6222"}],"version-history":[{"count":0,"href":"https:\/\/plustrack.at\/en\/wp-json\/wp\/v2\/pages\/6222\/revisions"}],"wp:featuredmedia":[{"embeddable":true,"href":"https:\/\/plustrack.at\/en\/wp-json\/wp\/v2\/media\/5480"}],"wp:attachment":[{"href":"https:\/\/plustrack.at\/en\/wp-json\/wp\/v2\/media?parent=6222"}],"curies":[{"name":"wp","href":"https:\/\/api.w.org\/{rel}","templated":true}]}}