{"id":3242,"date":"2021-09-13T09:38:55","date_gmt":"2021-09-13T07:38:55","guid":{"rendered":"https:\/\/on-track.sbg.ac.at\/?page_id=3242"},"modified":"2021-09-13T09:38:55","modified_gmt":"2021-09-13T07:38:55","slug":"kooperationstreffen","status":"publish","type":"page","link":"https:\/\/plustrack.at\/en\/kooperationstreffen\/","title":{"rendered":"Kooperations Meet-Up am 28.09.2021"},"content":{"rendered":"\n<h2 class=\"wp-block-heading\">Einladung<\/h2>\n\n\n\n<div class=\"wp-block-themeisle-blocks-advanced-columns has-2-columns has-desktop-twoOne-layout has-tablet-equal-layout has-mobile-collapsedRows-layout has-default-gap has-vertical-center\" id=\"wp-block-themeisle-blocks-advanced-columns-f5ddf73b\"><div class=\"wp-block-themeisle-blocks-advanced-columns-overlay\"><\/div><div class=\"innerblocks-wrap\">\n<div class=\"wp-block-themeisle-blocks-advanced-column\" id=\"wp-block-themeisle-blocks-advanced-column-46f47ed4\">\n<div class=\"wp-block-cover is-light has-custom-content-position is-position-bottom-center\"><span aria-hidden=\"true\" class=\"wp-block-cover__gradient-background has-background-dim\"><\/span><img decoding=\"async\" class=\"wp-block-cover__image-background wp-image-3243\" alt=\"\" src=\"https:\/\/on-track.sbg.ac.at\/wp-content\/uploads\/2021\/09\/kobu-agency-7okkFhxrxNw-unsplash1-1024x683.jpg\" data-object-fit=\"cover\" \/><div class=\"wp-block-cover__inner-container is-layout-flow wp-block-cover-is-layout-flow\">\n<p class=\"has-large-font-size\">PLUSTRACK <br>hat Neuigkeiten!<\/p>\n<\/div><\/div>\n<\/div>\n\n\n\n<div class=\"wp-block-themeisle-blocks-advanced-column\" id=\"wp-block-themeisle-blocks-advanced-column-378482fb\">\n<p class=\"has-text-align-left has-header-gradient-color has-text-color has-medium-font-size\">Das erste Jahr <em><strong>PLUSTRACK<\/strong><\/em>! <\/p>\n\n\n\n<p class=\"has-text-align-left has-header-gradient-color has-text-color has-medium-font-size\">Es hat sich viel getan und noch mehr ist in Vorbereitung. <\/p>\n\n\n\n<p class=\"has-text-align-right has-header-gradient-color has-text-color has-medium-font-size\">Zeit, unseren  Kooperations-partner:innen zu danken und sie auf den neuesten Stand zu bringen. <\/p>\n<\/div>\n<\/div><\/div>\n\n\n\n<p>Wir laden unsere Kooperationspartner:innen der PLUS sehr herzlich zum 1-Year-Meet-Up ein. Zus\u00e4tzlich zu Updates zum Projekt m\u00f6chten wir den regen und regelm\u00e4\u00dfigen Austausch mit unseren Kooperationspartner:innen feiern. <\/p>\n\n\n\n<p><strong>Wann<\/strong>: Dienstag 28.09.<br><strong>Uhrzeit<\/strong>: 13 &#8211; 17 Uhr<br><strong>Wo<\/strong>: Naturwissenschaftliche Fakult\u00e4t Salzburg, Dekanatssitzungssaal<\/p>\n\n\n\n<h2 class=\"wp-block-heading\">Programm<\/h2>\n\n\n\n<figure class=\"wp-block-table aligncenter is-style-stripes\"><table class=\"has-black-color has-white-background-color has-text-color has-background has-fixed-layout\"><thead><tr><th class=\"has-text-align-center\" data-align=\"center\">Zeit <\/th><th>Topics<\/th><\/tr><\/thead><tbody><tr><td class=\"has-text-align-center\" data-align=\"center\">13<sup>00<\/sup> <\/td><td>Begr\u00fc\u00dfung<\/td><\/tr><tr><td class=\"has-text-align-center\" data-align=\"center\">13<sup>15<\/sup><\/td><td>Projekt Updates<\/td><\/tr><tr><td class=\"has-text-align-center\" data-align=\"center\">14<sup>00<\/sup><\/td><td>Ziele &amp; Erwartungen unserer G\u00e4ste<\/td><\/tr><tr><td class=\"has-text-align-center\" data-align=\"center\">14<sup>15<\/sup><\/td><td><em>Kaffee Pause<\/em><\/td><\/tr><tr><td class=\"has-text-align-center\" data-align=\"center\">14<sup>30<\/sup><\/td><td>Austausch in Kleingruppen <\/td><\/tr><tr><td class=\"has-text-align-center\" data-align=\"center\">15<sup>50<\/sup><\/td><td><em>Kaffee Pause<\/em><\/td><\/tr><tr><td class=\"has-text-align-center\" data-align=\"center\">16<sup>00<\/sup><\/td><td>Abschlussrunde<\/td><\/tr><tr><td class=\"has-text-align-center\" data-align=\"center\">16<sup>45<\/sup><\/td><td>Ausklang bei Snacks und Drinks<\/td><\/tr><\/tbody><\/table><figcaption>Agenda<\/figcaption><\/figure>\n","protected":false},"excerpt":{"rendered":"<p>Einladung Wir laden unsere Kooperationspartner:innen der PLUS sehr herzlich zum 1-Year-Meet-Up ein. Zus\u00e4tzlich zu Updates zum Projekt m\u00f6chten wir den regen und regelm\u00e4\u00dfigen Austausch mit unseren Kooperationspartner:innen feiern. Wann: Dienstag 28.09.Uhrzeit: 13 &#8211; 17 UhrWo: Naturwissenschaftliche Fakult\u00e4t Salzburg, Dekanatssitzungssaal Programm Zeit Topics 1300 Begr\u00fc\u00dfung 1315 Projekt Updates 1400 Ziele &amp; [&hellip;]<\/p>\n","protected":false},"author":24,"featured_media":3244,"parent":0,"menu_order":0,"comment_status":"closed","ping_status":"closed","template":"","meta":{"footnotes":""},"class_list":["post-3242","page","type-page","status-publish","has-post-thumbnail","hentry"],"yoast_head":"<!-- This site is optimized with the Yoast SEO plugin v24.5 - https:\/\/yoast.com\/wordpress\/plugins\/seo\/ -->\n<title>Kooperations Meet-Up am 28.09.2021 - PLUSTRACK_EN<\/title>\n<meta name=\"robots\" content=\"index, follow, max-snippet:-1, max-image-preview:large, max-video-preview:-1\" \/>\n<link rel=\"canonical\" href=\"https:\/\/plustrack.at\/en\/kooperationstreffen\/\" \/>\n<meta property=\"og:locale\" content=\"en_US\" \/>\n<meta property=\"og:type\" content=\"article\" \/>\n<meta property=\"og:title\" content=\"Kooperations Meet-Up am 28.09.2021 - PLUSTRACK_EN\" \/>\n<meta property=\"og:description\" content=\"Einladung Wir laden unsere Kooperationspartner:innen der PLUS sehr herzlich zum 1-Year-Meet-Up ein. Zus\u00e4tzlich zu Updates zum Projekt m\u00f6chten wir den regen und regelm\u00e4\u00dfigen Austausch mit unseren Kooperationspartner:innen feiern. Wann: Dienstag 28.09.Uhrzeit: 13 &#8211; 17 UhrWo: Naturwissenschaftliche Fakult\u00e4t Salzburg, Dekanatssitzungssaal Programm Zeit Topics 1300 Begr\u00fc\u00dfung 1315 Projekt Updates 1400 Ziele &amp; [&hellip;]\" \/>\n<meta property=\"og:url\" content=\"https:\/\/plustrack.at\/en\/kooperationstreffen\/\" \/>\n<meta property=\"og:site_name\" content=\"PLUSTRACK_EN\" \/>\n<meta property=\"og:image\" content=\"https:\/\/on-track.sbg.ac.at\/wp-content\/uploads\/2021\/09\/kobu-agency-7okkFhxrxNw-unsplash1-1024x683.jpg\" \/>\n<meta name=\"twitter:card\" content=\"summary_large_image\" \/>\n<meta name=\"twitter:label1\" content=\"Est. reading time\" \/>\n\t<meta name=\"twitter:data1\" content=\"1 minute\" \/>\n<script type=\"application\/ld+json\" class=\"yoast-schema-graph\">{\"@context\":\"https:\/\/schema.org\",\"@graph\":[{\"@type\":\"WebPage\",\"@id\":\"https:\/\/plustrack.at\/en\/kooperationstreffen\/\",\"url\":\"https:\/\/plustrack.at\/en\/kooperationstreffen\/\",\"name\":\"Kooperations Meet-Up am 28.09.2021 - PLUSTRACK_EN\",\"isPartOf\":{\"@id\":\"https:\/\/plustrack.at\/en\/#website\"},\"primaryImageOfPage\":{\"@id\":\"https:\/\/plustrack.at\/en\/kooperationstreffen\/#primaryimage\"},\"image\":{\"@id\":\"https:\/\/plustrack.at\/en\/kooperationstreffen\/#primaryimage\"},\"thumbnailUrl\":\"https:\/\/plustrack.at\/en\/wp-content\/uploads\/sites\/3\/2021\/09\/zhang-xiaoyu-tSshaDilUR8-unsplash-scaled-1.jpg\",\"datePublished\":\"2021-09-13T07:38:55+00:00\",\"breadcrumb\":{\"@id\":\"https:\/\/plustrack.at\/en\/kooperationstreffen\/#breadcrumb\"},\"inLanguage\":\"en-US\",\"potentialAction\":[{\"@type\":\"ReadAction\",\"target\":[\"https:\/\/plustrack.at\/en\/kooperationstreffen\/\"]}]},{\"@type\":\"ImageObject\",\"inLanguage\":\"en-US\",\"@id\":\"https:\/\/plustrack.at\/en\/kooperationstreffen\/#primaryimage\",\"url\":\"https:\/\/plustrack.at\/en\/wp-content\/uploads\/sites\/3\/2021\/09\/zhang-xiaoyu-tSshaDilUR8-unsplash-scaled-1.jpg\",\"contentUrl\":\"https:\/\/plustrack.at\/en\/wp-content\/uploads\/sites\/3\/2021\/09\/zhang-xiaoyu-tSshaDilUR8-unsplash-scaled-1.jpg\",\"width\":2560,\"height\":1702,\"caption\":\"by zhang xiaoyu via unsplash\"},{\"@type\":\"BreadcrumbList\",\"@id\":\"https:\/\/plustrack.at\/en\/kooperationstreffen\/#breadcrumb\",\"itemListElement\":[{\"@type\":\"ListItem\",\"position\":1,\"name\":\"Home\",\"item\":\"https:\/\/plustrack.at\/en\/\"},{\"@type\":\"ListItem\",\"position\":2,\"name\":\"Kooperations Meet-Up am 28.09.2021\"}]},{\"@type\":\"WebSite\",\"@id\":\"https:\/\/plustrack.at\/en\/#website\",\"url\":\"https:\/\/plustrack.at\/en\/\",\"name\":\"PLUSTRACK_EN\",\"description\":\"Your Community at the Paris Lodron University of Salzburg\",\"publisher\":{\"@id\":\"https:\/\/plustrack.at\/en\/#organization\"},\"potentialAction\":[{\"@type\":\"SearchAction\",\"target\":{\"@type\":\"EntryPoint\",\"urlTemplate\":\"https:\/\/plustrack.at\/en\/?s={search_term_string}\"},\"query-input\":{\"@type\":\"PropertyValueSpecification\",\"valueRequired\":true,\"valueName\":\"search_term_string\"}}],\"inLanguage\":\"en-US\"},{\"@type\":\"Organization\",\"@id\":\"https:\/\/plustrack.at\/en\/#organization\",\"name\":\"PLUSTRACK_EN\",\"url\":\"https:\/\/plustrack.at\/en\/\",\"logo\":{\"@type\":\"ImageObject\",\"inLanguage\":\"en-US\",\"@id\":\"https:\/\/plustrack.at\/en\/#\/schema\/logo\/image\/\",\"url\":\"https:\/\/plustrack.at\/en\/wp-content\/uploads\/sites\/3\/2025\/04\/cropped-Logo_PLUStrack.png\",\"contentUrl\":\"https:\/\/plustrack.at\/en\/wp-content\/uploads\/sites\/3\/2025\/04\/cropped-Logo_PLUStrack.png\",\"width\":1867,\"height\":747,\"caption\":\"PLUSTRACK_EN\"},\"image\":{\"@id\":\"https:\/\/plustrack.at\/en\/#\/schema\/logo\/image\/\"}}]}<\/script>\n<!-- \/ Yoast SEO plugin. -->","yoast_head_json":{"title":"Kooperations Meet-Up am 28.09.2021 - PLUSTRACK_EN","robots":{"index":"index","follow":"follow","max-snippet":"max-snippet:-1","max-image-preview":"max-image-preview:large","max-video-preview":"max-video-preview:-1"},"canonical":"https:\/\/plustrack.at\/en\/kooperationstreffen\/","og_locale":"en_US","og_type":"article","og_title":"Kooperations Meet-Up am 28.09.2021 - PLUSTRACK_EN","og_description":"Einladung Wir laden unsere Kooperationspartner:innen der PLUS sehr herzlich zum 1-Year-Meet-Up ein. Zus\u00e4tzlich zu Updates zum Projekt m\u00f6chten wir den regen und regelm\u00e4\u00dfigen Austausch mit unseren Kooperationspartner:innen feiern. Wann: Dienstag 28.09.Uhrzeit: 13 &#8211; 17 UhrWo: Naturwissenschaftliche Fakult\u00e4t Salzburg, Dekanatssitzungssaal Programm Zeit Topics 1300 Begr\u00fc\u00dfung 1315 Projekt Updates 1400 Ziele &amp; [&hellip;]","og_url":"https:\/\/plustrack.at\/en\/kooperationstreffen\/","og_site_name":"PLUSTRACK_EN","og_image":[{"url":"https:\/\/on-track.sbg.ac.at\/wp-content\/uploads\/2021\/09\/kobu-agency-7okkFhxrxNw-unsplash1-1024x683.jpg","type":"","width":"","height":""}],"twitter_card":"summary_large_image","twitter_misc":{"Est. reading time":"1 minute"},"schema":{"@context":"https:\/\/schema.org","@graph":[{"@type":"WebPage","@id":"https:\/\/plustrack.at\/en\/kooperationstreffen\/","url":"https:\/\/plustrack.at\/en\/kooperationstreffen\/","name":"Kooperations Meet-Up am 28.09.2021 - PLUSTRACK_EN","isPartOf":{"@id":"https:\/\/plustrack.at\/en\/#website"},"primaryImageOfPage":{"@id":"https:\/\/plustrack.at\/en\/kooperationstreffen\/#primaryimage"},"image":{"@id":"https:\/\/plustrack.at\/en\/kooperationstreffen\/#primaryimage"},"thumbnailUrl":"https:\/\/plustrack.at\/en\/wp-content\/uploads\/sites\/3\/2021\/09\/zhang-xiaoyu-tSshaDilUR8-unsplash-scaled-1.jpg","datePublished":"2021-09-13T07:38:55+00:00","breadcrumb":{"@id":"https:\/\/plustrack.at\/en\/kooperationstreffen\/#breadcrumb"},"inLanguage":"en-US","potentialAction":[{"@type":"ReadAction","target":["https:\/\/plustrack.at\/en\/kooperationstreffen\/"]}]},{"@type":"ImageObject","inLanguage":"en-US","@id":"https:\/\/plustrack.at\/en\/kooperationstreffen\/#primaryimage","url":"https:\/\/plustrack.at\/en\/wp-content\/uploads\/sites\/3\/2021\/09\/zhang-xiaoyu-tSshaDilUR8-unsplash-scaled-1.jpg","contentUrl":"https:\/\/plustrack.at\/en\/wp-content\/uploads\/sites\/3\/2021\/09\/zhang-xiaoyu-tSshaDilUR8-unsplash-scaled-1.jpg","width":2560,"height":1702,"caption":"by zhang xiaoyu via unsplash"},{"@type":"BreadcrumbList","@id":"https:\/\/plustrack.at\/en\/kooperationstreffen\/#breadcrumb","itemListElement":[{"@type":"ListItem","position":1,"name":"Home","item":"https:\/\/plustrack.at\/en\/"},{"@type":"ListItem","position":2,"name":"Kooperations Meet-Up am 28.09.2021"}]},{"@type":"WebSite","@id":"https:\/\/plustrack.at\/en\/#website","url":"https:\/\/plustrack.at\/en\/","name":"PLUSTRACK_EN","description":"Your Community at the Paris Lodron University of Salzburg","publisher":{"@id":"https:\/\/plustrack.at\/en\/#organization"},"potentialAction":[{"@type":"SearchAction","target":{"@type":"EntryPoint","urlTemplate":"https:\/\/plustrack.at\/en\/?s={search_term_string}"},"query-input":{"@type":"PropertyValueSpecification","valueRequired":true,"valueName":"search_term_string"}}],"inLanguage":"en-US"},{"@type":"Organization","@id":"https:\/\/plustrack.at\/en\/#organization","name":"PLUSTRACK_EN","url":"https:\/\/plustrack.at\/en\/","logo":{"@type":"ImageObject","inLanguage":"en-US","@id":"https:\/\/plustrack.at\/en\/#\/schema\/logo\/image\/","url":"https:\/\/plustrack.at\/en\/wp-content\/uploads\/sites\/3\/2025\/04\/cropped-Logo_PLUStrack.png","contentUrl":"https:\/\/plustrack.at\/en\/wp-content\/uploads\/sites\/3\/2025\/04\/cropped-Logo_PLUStrack.png","width":1867,"height":747,"caption":"PLUSTRACK_EN"},"image":{"@id":"https:\/\/plustrack.at\/en\/#\/schema\/logo\/image\/"}}]}},"_links":{"self":[{"href":"https:\/\/plustrack.at\/en\/wp-json\/wp\/v2\/pages\/3242","targetHints":{"allow":["GET"]}}],"collection":[{"href":"https:\/\/plustrack.at\/en\/wp-json\/wp\/v2\/pages"}],"about":[{"href":"https:\/\/plustrack.at\/en\/wp-json\/wp\/v2\/types\/page"}],"author":[{"embeddable":true,"href":"https:\/\/plustrack.at\/en\/wp-json\/wp\/v2\/users\/24"}],"replies":[{"embeddable":true,"href":"https:\/\/plustrack.at\/en\/wp-json\/wp\/v2\/comments?post=3242"}],"version-history":[{"count":0,"href":"https:\/\/plustrack.at\/en\/wp-json\/wp\/v2\/pages\/3242\/revisions"}],"wp:featuredmedia":[{"embeddable":true,"href":"https:\/\/plustrack.at\/en\/wp-json\/wp\/v2\/media\/3244"}],"wp:attachment":[{"href":"https:\/\/plustrack.at\/en\/wp-json\/wp\/v2\/media?parent=3242"}],"curies":[{"name":"wp","href":"https:\/\/api.w.org\/{rel}","templated":true}]}}